{"id":2179,"date":"2024-04-01T17:32:46","date_gmt":"2024-04-01T20:32:46","guid":{"rendered":"https:\/\/loja.centraldoacrilico.com.br\/?post_type=product&#038;p=2179"},"modified":"2025-11-29T03:02:24","modified_gmt":"2025-11-29T06:02:24","slug":"cola-uv","status":"publish","type":"product","link":"https:\/\/www.lojadacentral.com.br\/?product=cola-uv","title":{"rendered":"Cola UV"},"content":{"rendered":"","protected":false},"excerpt":{"rendered":"<p>Cola Ultravioleta para Acr\u00edlico.<\/p>\n<p>Cola semiviscosa cristalina transparente ativada e curada por luz ultravioleta de secagem r\u00e1pida. Proporciona colagens firmes com acabamento excelente, totalmente transparente. Compat\u00edvel com diversos materiais al\u00e9m do Acr\u00edlico como: Outros pl\u00e1sticos, madeiras, metais e vidro. Pode ser aplicada em pe\u00e7as com impress\u00e3o e adesivo.<\/p>\n<p>Recomenda\u00e7\u00f5es:<br \/>\nRecomenda-se l\u00e2mpada led uv a partir de 10w.<\/p>\n<p>Para que a cola seja ativada, uma das faces deve ser transparente.<\/p>\n<p>Tempo de Cura:<br \/>\nCura parcial: 10 segundos sob a luz uv;<br \/>\nCura total: 10 minutos sob a luz uv;<\/p>\n<p>Para melhores resultados, certifique-se de que os materiais a serem colados sejam planos e lisos e estejam secos e limpos.<br \/>\nN\u00e3o nos responsabilizamos pelo uso indevido do produto.<\/p>\n<p>&nbsp;<\/p>\n<p><strong><br \/>\nLEIA COM ATEN\u00c7\u00c3O<br \/>\n<\/strong><br \/>\nSempre utilize EPI\u2019s (Equipamentos de Prote\u00e7\u00e3o Individual), como m\u00e1scaras, luvas e \u00f3culos. Utilize o produto em locais bem ventilados. N\u00e3o fume ou alimente-se durante seu uso. Pode provocar rea\u00e7\u00f5es al\u00e9rgicas, se inalado pode causar tontura, dificuldades respirat\u00f3rias, asma, al\u00e9m de afetar o sistema nervoso central e cardiorespirat\u00f3rio.<\/p>\n<p>Provoca irrita\u00e7\u00e3o ocular grave. Em caso de contato com os olhos, enx\u00e1gue com \u00e1gua e caso a irrita\u00e7\u00e3o ocular persista procure um m\u00e9dico. Produto nocivo se ingerido. Neste caso, entre em contato com um Centro de Informa\u00e7\u00f5es Toxicol\u00f3gicas e consulte um m\u00e9dico. Em caso de contato com a pele, lave com \u00e1gua e sab\u00e3o. Mantenha longe de crian\u00e7as e animais.<\/p>\n<p>&nbsp;<\/p>\n<p><strong>VENDA PROIBIDA PARA MENORES DE 18 ANOS. EXCLUSIVO PARA USO PROFISSIONAL<\/strong>.<\/p>\n","protected":false},"featured_media":2181,"template":"","meta":[],"product_brand":[],"product_cat":[121],"product_tag":[],"class_list":{"0":"post-2179","1":"product","2":"type-product","3":"status-publish","4":"has-post-thumbnail","6":"product_cat-colas","8":"first","9":"instock","10":"sold-individually","11":"taxable","12":"shipping-taxable","13":"purchasable","14":"product-type-simple"},"yoast_head":"<!-- This site is optimized with the Yoast SEO plugin v27.5 - https:\/\/yoast.com\/product\/yoast-seo-wordpress\/ -->\n<title>Cola UV - Loja da Central<\/title>\n<meta name=\"robots\" content=\"index, follow, max-snippet:-1, max-image-preview:large, max-video-preview:-1\" \/>\n<link rel=\"canonical\" href=\"https:\/\/www.lojadacentral.com.br\/?product=cola-uv\" \/>\n<meta property=\"og:locale\" content=\"pt_BR\" \/>\n<meta property=\"og:type\" content=\"article\" \/>\n<meta property=\"og:title\" content=\"Cola UV - Loja da Central\" \/>\n<meta property=\"og:description\" content=\"Cola Ultravioleta para Acr\u00edlico.  Cola semiviscosa cristalina transparente ativada e curada por luz ultravioleta de secagem r\u00e1pida. Proporciona colagens firmes com acabamento excelente, totalmente transparente. Compat\u00edvel com diversos materiais al\u00e9m do Acr\u00edlico como: Outros pl\u00e1sticos, madeiras, metais e vidro. Pode ser aplicada em pe\u00e7as com impress\u00e3o e adesivo.  Recomenda\u00e7\u00f5es: Recomenda-se l\u00e2mpada led uv a partir de 10w.  Para que a cola seja ativada, uma das faces deve ser transparente.  Tempo de Cura: Cura parcial: 10 segundos sob a luz uv; Cura total: 10 minutos sob a luz uv;  Para melhores resultados, certifique-se de que os materiais a serem colados sejam planos e lisos e estejam secos e limpos. N\u00e3o nos responsabilizamos pelo uso indevido do produto.  &nbsp;   LEIA COM ATEN\u00c7\u00c3O  Sempre utilize EPI\u2019s (Equipamentos de Prote\u00e7\u00e3o Individual), como m\u00e1scaras, luvas e \u00f3culos. Utilize o produto em locais bem ventilados. N\u00e3o fume ou alimente-se durante seu uso. Pode provocar rea\u00e7\u00f5es al\u00e9rgicas, se inalado pode causar tontura, dificuldades respirat\u00f3rias, asma, al\u00e9m de afetar o sistema nervoso central e cardiorespirat\u00f3rio.  Provoca irrita\u00e7\u00e3o ocular grave. Em caso de contato com os olhos, enx\u00e1gue com \u00e1gua e caso a irrita\u00e7\u00e3o ocular persista procure um m\u00e9dico. Produto nocivo se ingerido. Neste caso, entre em contato com um Centro de Informa\u00e7\u00f5es Toxicol\u00f3gicas e consulte um m\u00e9dico. Em caso de contato com a pele, lave com \u00e1gua e sab\u00e3o. Mantenha longe de crian\u00e7as e animais.  &nbsp;  VENDA PROIBIDA PARA MENORES DE 18 ANOS. EXCLUSIVO PARA USO PROFISSIONAL.\" \/>\n<meta property=\"og:url\" content=\"https:\/\/www.lojadacentral.com.br\/?product=cola-uv\" \/>\n<meta property=\"og:site_name\" content=\"Loja da Central\" \/>\n<meta property=\"article:modified_time\" content=\"2025-11-29T06:02:24+00:00\" \/>\n<meta property=\"og:image\" content=\"https:\/\/www.lojadacentral.com.br\/wp-content\/uploads\/2024\/04\/ColaUVNovaEmbalagemSF-Central-Do-Acrilico.png\" \/>\n\t<meta property=\"og:image:width\" content=\"1080\" \/>\n\t<meta property=\"og:image:height\" content=\"1349\" \/>\n\t<meta property=\"og:image:type\" content=\"image\/png\" \/>\n<meta name=\"twitter:card\" content=\"summary_large_image\" \/>\n<meta name=\"twitter:label1\" content=\"Est. tempo de leitura\" \/>\n\t<meta name=\"twitter:data1\" content=\"1 minuto\" \/>\n<script type=\"application\/ld+json\" class=\"yoast-schema-graph\">{\"@context\":\"https:\\\/\\\/schema.org\",\"@graph\":[{\"@type\":\"WebPage\",\"@id\":\"https:\\\/\\\/www.lojadacentral.com.br\\\/?product=cola-uv\",\"url\":\"https:\\\/\\\/www.lojadacentral.com.br\\\/?product=cola-uv\",\"name\":\"Cola UV - Loja da Central\",\"isPartOf\":{\"@id\":\"https:\\\/\\\/www.lojadacentral.com.br\\\/#website\"},\"primaryImageOfPage\":{\"@id\":\"https:\\\/\\\/www.lojadacentral.com.br\\\/?product=cola-uv#primaryimage\"},\"image\":{\"@id\":\"https:\\\/\\\/www.lojadacentral.com.br\\\/?product=cola-uv#primaryimage\"},\"thumbnailUrl\":\"https:\\\/\\\/www.lojadacentral.com.br\\\/wp-content\\\/uploads\\\/2024\\\/04\\\/ColaUVNovaEmbalagemSF-Central-Do-Acrilico.png\",\"datePublished\":\"2024-04-01T20:32:46+00:00\",\"dateModified\":\"2025-11-29T06:02:24+00:00\",\"breadcrumb\":{\"@id\":\"https:\\\/\\\/www.lojadacentral.com.br\\\/?product=cola-uv#breadcrumb\"},\"inLanguage\":\"pt-BR\",\"potentialAction\":[{\"@type\":\"ReadAction\",\"target\":[\"https:\\\/\\\/www.lojadacentral.com.br\\\/?product=cola-uv\"]}]},{\"@type\":\"ImageObject\",\"inLanguage\":\"pt-BR\",\"@id\":\"https:\\\/\\\/www.lojadacentral.com.br\\\/?product=cola-uv#primaryimage\",\"url\":\"https:\\\/\\\/www.lojadacentral.com.br\\\/wp-content\\\/uploads\\\/2024\\\/04\\\/ColaUVNovaEmbalagemSF-Central-Do-Acrilico.png\",\"contentUrl\":\"https:\\\/\\\/www.lojadacentral.com.br\\\/wp-content\\\/uploads\\\/2024\\\/04\\\/ColaUVNovaEmbalagemSF-Central-Do-Acrilico.png\",\"width\":1080,\"height\":1349},{\"@type\":\"BreadcrumbList\",\"@id\":\"https:\\\/\\\/www.lojadacentral.com.br\\\/?product=cola-uv#breadcrumb\",\"itemListElement\":[{\"@type\":\"ListItem\",\"position\":1,\"name\":\"In\u00edcio\",\"item\":\"https:\\\/\\\/www.lojadacentral.com.br\\\/\"},{\"@type\":\"ListItem\",\"position\":2,\"name\":\"Home\",\"item\":\"https:\\\/\\\/www.lojadacentral.com.br\\\/\"},{\"@type\":\"ListItem\",\"position\":3,\"name\":\"Cola UV\"}]},{\"@type\":\"WebSite\",\"@id\":\"https:\\\/\\\/www.lojadacentral.com.br\\\/#website\",\"url\":\"https:\\\/\\\/www.lojadacentral.com.br\\\/\",\"name\":\"Loja da Central =)\",\"description\":\"Os materiais da Central Do Acr\u00edlico que voc\u00ea j\u00e1 conhece e confia agora dispon\u00edveis online na loja da Central. Compre e receba em sua casa!\",\"publisher\":{\"@id\":\"https:\\\/\\\/www.lojadacentral.com.br\\\/#organization\"},\"potentialAction\":[{\"@type\":\"SearchAction\",\"target\":{\"@type\":\"EntryPoint\",\"urlTemplate\":\"https:\\\/\\\/www.lojadacentral.com.br\\\/?s={search_term_string}\"},\"query-input\":{\"@type\":\"PropertyValueSpecification\",\"valueRequired\":true,\"valueName\":\"search_term_string\"}}],\"inLanguage\":\"pt-BR\"},{\"@type\":\"Organization\",\"@id\":\"https:\\\/\\\/www.lojadacentral.com.br\\\/#organization\",\"name\":\"Central Do Acr\u00edlico\",\"url\":\"https:\\\/\\\/www.lojadacentral.com.br\\\/\",\"logo\":{\"@type\":\"ImageObject\",\"inLanguage\":\"pt-BR\",\"@id\":\"https:\\\/\\\/www.lojadacentral.com.br\\\/#\\\/schema\\\/logo\\\/image\\\/\",\"url\":\"https:\\\/\\\/www.lojadacentral.com.br\\\/wp-content\\\/uploads\\\/2024\\\/02\\\/Logo-Central-PNG.png\",\"contentUrl\":\"https:\\\/\\\/www.lojadacentral.com.br\\\/wp-content\\\/uploads\\\/2024\\\/02\\\/Logo-Central-PNG.png\",\"width\":3891,\"height\":700,\"caption\":\"Central Do Acr\u00edlico\"},\"image\":{\"@id\":\"https:\\\/\\\/www.lojadacentral.com.br\\\/#\\\/schema\\\/logo\\\/image\\\/\"},\"sameAs\":[\"https:\\\/\\\/www.instagram.com\\\/centraldoacrilico\\\/\"]}]}<\/script>\n<!-- \/ Yoast SEO plugin. -->","yoast_head_json":{"title":"Cola UV - Loja da Central","robots":{"index":"index","follow":"follow","max-snippet":"max-snippet:-1","max-image-preview":"max-image-preview:large","max-video-preview":"max-video-preview:-1"},"canonical":"https:\/\/www.lojadacentral.com.br\/?product=cola-uv","og_locale":"pt_BR","og_type":"article","og_title":"Cola UV - Loja da Central","og_description":"Cola Ultravioleta para Acr\u00edlico.  Cola semiviscosa cristalina transparente ativada e curada por luz ultravioleta de secagem r\u00e1pida. Proporciona colagens firmes com acabamento excelente, totalmente transparente. Compat\u00edvel com diversos materiais al\u00e9m do Acr\u00edlico como: Outros pl\u00e1sticos, madeiras, metais e vidro. Pode ser aplicada em pe\u00e7as com impress\u00e3o e adesivo.  Recomenda\u00e7\u00f5es: Recomenda-se l\u00e2mpada led uv a partir de 10w.  Para que a cola seja ativada, uma das faces deve ser transparente.  Tempo de Cura: Cura parcial: 10 segundos sob a luz uv; Cura total: 10 minutos sob a luz uv;  Para melhores resultados, certifique-se de que os materiais a serem colados sejam planos e lisos e estejam secos e limpos. N\u00e3o nos responsabilizamos pelo uso indevido do produto.  &nbsp;   LEIA COM ATEN\u00c7\u00c3O  Sempre utilize EPI\u2019s (Equipamentos de Prote\u00e7\u00e3o Individual), como m\u00e1scaras, luvas e \u00f3culos. Utilize o produto em locais bem ventilados. N\u00e3o fume ou alimente-se durante seu uso. Pode provocar rea\u00e7\u00f5es al\u00e9rgicas, se inalado pode causar tontura, dificuldades respirat\u00f3rias, asma, al\u00e9m de afetar o sistema nervoso central e cardiorespirat\u00f3rio.  Provoca irrita\u00e7\u00e3o ocular grave. Em caso de contato com os olhos, enx\u00e1gue com \u00e1gua e caso a irrita\u00e7\u00e3o ocular persista procure um m\u00e9dico. Produto nocivo se ingerido. Neste caso, entre em contato com um Centro de Informa\u00e7\u00f5es Toxicol\u00f3gicas e consulte um m\u00e9dico. Em caso de contato com a pele, lave com \u00e1gua e sab\u00e3o. Mantenha longe de crian\u00e7as e animais.  &nbsp;  VENDA PROIBIDA PARA MENORES DE 18 ANOS. EXCLUSIVO PARA USO PROFISSIONAL.","og_url":"https:\/\/www.lojadacentral.com.br\/?product=cola-uv","og_site_name":"Loja da Central","article_modified_time":"2025-11-29T06:02:24+00:00","og_image":[{"width":1080,"height":1349,"url":"https:\/\/www.lojadacentral.com.br\/wp-content\/uploads\/2024\/04\/ColaUVNovaEmbalagemSF-Central-Do-Acrilico.png","type":"image\/png"}],"twitter_card":"summary_large_image","twitter_misc":{"Est. tempo de leitura":"1 minuto"},"schema":{"@context":"https:\/\/schema.org","@graph":[{"@type":"WebPage","@id":"https:\/\/www.lojadacentral.com.br\/?product=cola-uv","url":"https:\/\/www.lojadacentral.com.br\/?product=cola-uv","name":"Cola UV - Loja da Central","isPartOf":{"@id":"https:\/\/www.lojadacentral.com.br\/#website"},"primaryImageOfPage":{"@id":"https:\/\/www.lojadacentral.com.br\/?product=cola-uv#primaryimage"},"image":{"@id":"https:\/\/www.lojadacentral.com.br\/?product=cola-uv#primaryimage"},"thumbnailUrl":"https:\/\/www.lojadacentral.com.br\/wp-content\/uploads\/2024\/04\/ColaUVNovaEmbalagemSF-Central-Do-Acrilico.png","datePublished":"2024-04-01T20:32:46+00:00","dateModified":"2025-11-29T06:02:24+00:00","breadcrumb":{"@id":"https:\/\/www.lojadacentral.com.br\/?product=cola-uv#breadcrumb"},"inLanguage":"pt-BR","potentialAction":[{"@type":"ReadAction","target":["https:\/\/www.lojadacentral.com.br\/?product=cola-uv"]}]},{"@type":"ImageObject","inLanguage":"pt-BR","@id":"https:\/\/www.lojadacentral.com.br\/?product=cola-uv#primaryimage","url":"https:\/\/www.lojadacentral.com.br\/wp-content\/uploads\/2024\/04\/ColaUVNovaEmbalagemSF-Central-Do-Acrilico.png","contentUrl":"https:\/\/www.lojadacentral.com.br\/wp-content\/uploads\/2024\/04\/ColaUVNovaEmbalagemSF-Central-Do-Acrilico.png","width":1080,"height":1349},{"@type":"BreadcrumbList","@id":"https:\/\/www.lojadacentral.com.br\/?product=cola-uv#breadcrumb","itemListElement":[{"@type":"ListItem","position":1,"name":"In\u00edcio","item":"https:\/\/www.lojadacentral.com.br\/"},{"@type":"ListItem","position":2,"name":"Home","item":"https:\/\/www.lojadacentral.com.br\/"},{"@type":"ListItem","position":3,"name":"Cola UV"}]},{"@type":"WebSite","@id":"https:\/\/www.lojadacentral.com.br\/#website","url":"https:\/\/www.lojadacentral.com.br\/","name":"Loja da Central =)","description":"Os materiais da Central Do Acr\u00edlico que voc\u00ea j\u00e1 conhece e confia agora dispon\u00edveis online na loja da Central. Compre e receba em sua casa!","publisher":{"@id":"https:\/\/www.lojadacentral.com.br\/#organization"},"potentialAction":[{"@type":"SearchAction","target":{"@type":"EntryPoint","urlTemplate":"https:\/\/www.lojadacentral.com.br\/?s={search_term_string}"},"query-input":{"@type":"PropertyValueSpecification","valueRequired":true,"valueName":"search_term_string"}}],"inLanguage":"pt-BR"},{"@type":"Organization","@id":"https:\/\/www.lojadacentral.com.br\/#organization","name":"Central Do Acr\u00edlico","url":"https:\/\/www.lojadacentral.com.br\/","logo":{"@type":"ImageObject","inLanguage":"pt-BR","@id":"https:\/\/www.lojadacentral.com.br\/#\/schema\/logo\/image\/","url":"https:\/\/www.lojadacentral.com.br\/wp-content\/uploads\/2024\/02\/Logo-Central-PNG.png","contentUrl":"https:\/\/www.lojadacentral.com.br\/wp-content\/uploads\/2024\/02\/Logo-Central-PNG.png","width":3891,"height":700,"caption":"Central Do Acr\u00edlico"},"image":{"@id":"https:\/\/www.lojadacentral.com.br\/#\/schema\/logo\/image\/"},"sameAs":["https:\/\/www.instagram.com\/centraldoacrilico\/"]}]}},"_links":{"self":[{"href":"https:\/\/www.lojadacentral.com.br\/index.php?rest_route=\/wp\/v2\/product\/2179","targetHints":{"allow":["GET"]}}],"collection":[{"href":"https:\/\/www.lojadacentral.com.br\/index.php?rest_route=\/wp\/v2\/product"}],"about":[{"href":"https:\/\/www.lojadacentral.com.br\/index.php?rest_route=\/wp\/v2\/types\/product"}],"wp:featuredmedia":[{"embeddable":true,"href":"https:\/\/www.lojadacentral.com.br\/index.php?rest_route=\/wp\/v2\/media\/2181"}],"wp:attachment":[{"href":"https:\/\/www.lojadacentral.com.br\/index.php?rest_route=%2Fwp%2Fv2%2Fmedia&parent=2179"}],"wp:term":[{"taxonomy":"product_brand","embeddable":true,"href":"https:\/\/www.lojadacentral.com.br\/index.php?rest_route=%2Fwp%2Fv2%2Fproduct_brand&post=2179"},{"taxonomy":"product_cat","embeddable":true,"href":"https:\/\/www.lojadacentral.com.br\/index.php?rest_route=%2Fwp%2Fv2%2Fproduct_cat&post=2179"},{"taxonomy":"product_tag","embeddable":true,"href":"https:\/\/www.lojadacentral.com.br\/index.php?rest_route=%2Fwp%2Fv2%2Fproduct_tag&post=2179"}],"curies":[{"name":"wp","href":"https:\/\/api.w.org\/{rel}","templated":true}]}}